{"id":172,"date":"2017-08-23T09:05:21","date_gmt":"2017-08-23T07:05:21","guid":{"rendered":"http:\/\/www.archeoweb.ch\/villa\/lhistorique-des-fouilles\/le-20e-siecle\/des-decouvertes-exceptionnelles\/la-fresque-a-laurige\/"},"modified":"2020-05-05T12:01:49","modified_gmt":"2020-05-05T10:01:49","slug":"la-fresque-a-laurige","status":"publish","type":"page","link":"https:\/\/archeolab.app\/villa\/lhistoire-des-decouvertes\/le-20e-siecle\/la-fresque-a-laurige\/","title":{"rendered":"La fresque \u00e0 l\u2019aurige"},"content":{"rendered":"<p style=\"text-align: justify;\">L&rsquo;\u00e9tude de la fresque de la villa romaine de Pully a n\u00e9cessit\u00e9 un immense travail. En effet, il faudra dix longues ann\u00e9es d\u2019\u00e9tude pour reconstituer cette fresque et l\u2019installer au mus\u00e9e. Dans un premier temps, un sp\u00e9cialiste a d\u00fb pr\u00e9lever les fragments, les analyser, les consolider et finalement recoller les enduits peints. Ce travail \u00e9voque un v\u00e9ritable puzzle !<\/p>\n<p style=\"text-align: justify;\">La courbure des fragments, qui ornaient le mur en h\u00e9micycle du pavillon nord, rendaient la t\u00e2che d\u2019autant plus ardue. C\u2019est le sp\u00e9cialiste Dieter Ohlhorst qui a redonn\u00e9 vie \u00e0 cette course de char. Apr\u00e8s de nombreuses heures d\u2019\u00e9tudes et de restauration, les plaques de fragments ont \u00e9t\u00e9 remis \u00e0 leur emplacement d\u2019origine, sur une armature incurv\u00e9e.<\/p>\n<figure id=\"attachment_1106\" aria-describedby=\"caption-attachment-1106\" style=\"width: 617px\" class=\"wp-caption aligncenter\"><img loading=\"lazy\" decoding=\"async\" class=\"wp-image-1106 \" src=\"https:\/\/archeolab.app\/villa\/wp-content\/uploads\/sites\/2\/2017\/08\/fig139-1024x636.jpg\" alt=\"\" width=\"617\" height=\"383\" \/><figcaption id=\"caption-attachment-1106\" class=\"wp-caption-text\">Fresque de l\u2019h\u00e9micycle au moment de la d\u00e9couverte. MAY CASTELLA (C.) (dir.), La villa romaine du Prieur\u00e9 \u00e0 Pully et ses peintures murales. Fouilles de 1971-1976 et 2002-2004, Cahiers d\u2019arch\u00e9ologie romande, Lausanne, 2013, p. 147, fig. 143.<\/figcaption><\/figure>\n<figure id=\"attachment_1107\" aria-describedby=\"caption-attachment-1107\" style=\"width: 609px\" class=\"wp-caption aligncenter\"><img loading=\"lazy\" decoding=\"async\" class=\"wp-image-1107 \" src=\"https:\/\/archeolab.app\/villa\/wp-content\/uploads\/sites\/2\/2017\/08\/fig140_floue-1024x679.jpg\" alt=\"\" width=\"609\" height=\"404\" srcset=\"https:\/\/archeolab.app\/villa\/wp-content\/uploads\/sites\/2\/2017\/08\/fig140_floue-1024x679.jpg 1024w, https:\/\/archeolab.app\/villa\/wp-content\/uploads\/sites\/2\/2017\/08\/fig140_floue-300x199.jpg 300w, https:\/\/archeolab.app\/villa\/wp-content\/uploads\/sites\/2\/2017\/08\/fig140_floue-768x509.jpg 768w, https:\/\/archeolab.app\/villa\/wp-content\/uploads\/sites\/2\/2017\/08\/fig140_floue-1200x795.jpg 1200w, https:\/\/archeolab.app\/villa\/wp-content\/uploads\/sites\/2\/2017\/08\/fig140_floue.jpg 1453w\" sizes=\"auto, (max-width: 609px) 100vw, 609px\" \/><figcaption id=\"caption-attachment-1107\" class=\"wp-caption-text\">Fragments en cours de pr\u00e9l\u00e8vement par D. Ohlhorst. MAY CASTELLA (C.) (dir.), La <em>villa<\/em> romaine du Prieur\u00e9 \u00e0 Pully et ses peintures murales. Fouilles de 1971-1976 et 2002-2004, Cahiers d\u2019arch\u00e9ologie romande, Lausanne, 2013, p. 147, fig. 144.<\/figcaption><\/figure>\n<figure id=\"attachment_1638\" aria-describedby=\"caption-attachment-1638\" style=\"width: 525px\" class=\"wp-caption aligncenter\"><img loading=\"lazy\" decoding=\"async\" class=\"size-large wp-image-1638\" src=\"https:\/\/archeolab.app\/villa\/wp-content\/uploads\/sites\/2\/2018\/01\/1466-mod-836x1024.jpg\" alt=\"\" width=\"525\" height=\"643\" \/><figcaption id=\"caption-attachment-1638\" class=\"wp-caption-text\">D\u00e9tail de la fresque de l&rsquo;h\u00e9micycle : aurige vainqueur sur son char. Les Romains en Suisse romande, calendrier de la loterie romande 1989.<\/figcaption><\/figure>\n<p>\u21d2 <a href=\"https:\/\/archeolab.app\/villa\/lhistoire-des-decouvertes\/le-20e-siecle\/le-musee\/\" data-wplink-edit=\"true\">Le mus\u00e9e hier et aujourd&rsquo;hui<\/a><\/p>\n","protected":false},"excerpt":{"rendered":"<p>L&rsquo;\u00e9tude de la fresque de la villa romaine de Pully a n\u00e9cessit\u00e9 un immense travail. En effet, il faudra dix longues ann\u00e9es d\u2019\u00e9tude pour reconstituer cette fresque et l\u2019installer au &hellip; <a href=\"https:\/\/archeolab.app\/villa\/lhistoire-des-decouvertes\/le-20e-siecle\/la-fresque-a-laurige\/\" class=\"more-link\">Continuer la lecture de <span class=\"screen-reader-text\">La fresque \u00e0 l\u2019aurige<\/span><\/a><\/p>\n","protected":false},"author":1,"featured_media":0,"parent":167,"menu_order":0,"comment_status":"closed","ping_status":"closed","template":"","meta":{"_acf_changed":false,"footnotes":""},"class_list":["post-172","page","type-page","status-publish","hentry"],"acf":[],"yoast_head":"<!-- This site is optimized with the Yoast SEO plugin v27.5 - https:\/\/yoast.com\/product\/yoast-seo-wordpress\/ -->\n<title>La fresque \u00e0 l\u2019aurige &#8226; La villa romaine du Prieur\u00e9<\/title>\n<meta name=\"robots\" content=\"index, follow, max-snippet:-1, max-image-preview:large, max-video-preview:-1\" \/>\n<link rel=\"canonical\" href=\"https:\/\/archeolab.app\/villa\/lhistoire-des-decouvertes\/le-20e-siecle\/la-fresque-a-laurige\/\" \/>\n<meta property=\"og:locale\" content=\"fr_FR\" \/>\n<meta property=\"og:type\" content=\"article\" \/>\n<meta property=\"og:title\" content=\"La fresque \u00e0 l\u2019aurige &#8226; La villa romaine du Prieur\u00e9\" \/>\n<meta property=\"og:description\" content=\"L&rsquo;\u00e9tude de la fresque de la villa romaine de Pully a n\u00e9cessit\u00e9 un immense travail. En effet, il faudra dix longues ann\u00e9es d\u2019\u00e9tude pour reconstituer cette fresque et l\u2019installer au &hellip; Continuer la lecture de La fresque \u00e0 l\u2019aurige\" \/>\n<meta property=\"og:url\" content=\"https:\/\/archeolab.app\/villa\/lhistoire-des-decouvertes\/le-20e-siecle\/la-fresque-a-laurige\/\" \/>\n<meta property=\"og:site_name\" content=\"La villa romaine du Prieur\u00e9\" \/>\n<meta property=\"article:modified_time\" content=\"2020-05-05T10:01:49+00:00\" \/>\n<meta property=\"og:image\" content=\"https:\/\/archeolab.app\/villa\/wp-content\/uploads\/sites\/2\/2017\/08\/fig139-1024x636.jpg\" \/>\n<meta name=\"twitter:card\" content=\"summary_large_image\" \/>\n<meta name=\"twitter:label1\" content=\"Dur\u00e9e de lecture estim\u00e9e\" \/>\n\t<meta name=\"twitter:data1\" content=\"1 minute\" \/>\n<script type=\"application\/ld+json\" class=\"yoast-schema-graph\">{\"@context\":\"https:\\\/\\\/schema.org\",\"@graph\":[{\"@type\":\"WebPage\",\"@id\":\"https:\\\/\\\/archeolab.app\\\/villa\\\/lhistoire-des-decouvertes\\\/le-20e-siecle\\\/la-fresque-a-laurige\\\/\",\"url\":\"https:\\\/\\\/archeolab.app\\\/villa\\\/lhistoire-des-decouvertes\\\/le-20e-siecle\\\/la-fresque-a-laurige\\\/\",\"name\":\"La fresque \u00e0 l\u2019aurige &#8226; La villa romaine du Prieur\u00e9\",\"isPartOf\":{\"@id\":\"https:\\\/\\\/archeolab.app\\\/villa\\\/#website\"},\"primaryImageOfPage\":{\"@id\":\"https:\\\/\\\/archeolab.app\\\/villa\\\/lhistoire-des-decouvertes\\\/le-20e-siecle\\\/la-fresque-a-laurige\\\/#primaryimage\"},\"image\":{\"@id\":\"https:\\\/\\\/archeolab.app\\\/villa\\\/lhistoire-des-decouvertes\\\/le-20e-siecle\\\/la-fresque-a-laurige\\\/#primaryimage\"},\"thumbnailUrl\":\"https:\\\/\\\/archeolab.app\\\/villa\\\/wp-content\\\/uploads\\\/sites\\\/2\\\/2017\\\/08\\\/fig139-1024x636.jpg\",\"datePublished\":\"2017-08-23T07:05:21+00:00\",\"dateModified\":\"2020-05-05T10:01:49+00:00\",\"breadcrumb\":{\"@id\":\"https:\\\/\\\/archeolab.app\\\/villa\\\/lhistoire-des-decouvertes\\\/le-20e-siecle\\\/la-fresque-a-laurige\\\/#breadcrumb\"},\"inLanguage\":\"fr-FR\",\"potentialAction\":[{\"@type\":\"ReadAction\",\"target\":[\"https:\\\/\\\/archeolab.app\\\/villa\\\/lhistoire-des-decouvertes\\\/le-20e-siecle\\\/la-fresque-a-laurige\\\/\"]}]},{\"@type\":\"ImageObject\",\"inLanguage\":\"fr-FR\",\"@id\":\"https:\\\/\\\/archeolab.app\\\/villa\\\/lhistoire-des-decouvertes\\\/le-20e-siecle\\\/la-fresque-a-laurige\\\/#primaryimage\",\"url\":\"https:\\\/\\\/archeolab.app\\\/villa\\\/wp-content\\\/uploads\\\/sites\\\/2\\\/2017\\\/08\\\/fig139.jpg\",\"contentUrl\":\"https:\\\/\\\/archeolab.app\\\/villa\\\/wp-content\\\/uploads\\\/sites\\\/2\\\/2017\\\/08\\\/fig139.jpg\",\"width\":2000,\"height\":1241,\"caption\":\"Fresque de l\u2019h\u00e9micycle au moment de la d\u00e9couverte MAY CASTELLA (C.) (dir.), La villa romaine du Prieur\u00e9 \u00e0 Pully et ses peintures murales. Fouilles de 1971-1976 et 2002-2004, Cahiers d\u2019arch\u00e9ologie romande, Lausanne, 2013, p. 147, fig. 143.\"},{\"@type\":\"BreadcrumbList\",\"@id\":\"https:\\\/\\\/archeolab.app\\\/villa\\\/lhistoire-des-decouvertes\\\/le-20e-siecle\\\/la-fresque-a-laurige\\\/#breadcrumb\",\"itemListElement\":[{\"@type\":\"ListItem\",\"position\":1,\"name\":\"Accueil\",\"item\":\"https:\\\/\\\/archeolab.app\\\/villa\\\/\"},{\"@type\":\"ListItem\",\"position\":2,\"name\":\"L&rsquo;histoire des d\u00e9couvertes\",\"item\":\"https:\\\/\\\/archeolab.app\\\/villa\\\/lhistoire-des-decouvertes\\\/\"},{\"@type\":\"ListItem\",\"position\":3,\"name\":\"Le 20e si\u00e8cle\",\"item\":\"https:\\\/\\\/archeolab.app\\\/villa\\\/lhistoire-des-decouvertes\\\/le-20e-siecle\\\/\"},{\"@type\":\"ListItem\",\"position\":4,\"name\":\"La fresque \u00e0 l\u2019aurige\"}]},{\"@type\":\"WebSite\",\"@id\":\"https:\\\/\\\/archeolab.app\\\/villa\\\/#website\",\"url\":\"https:\\\/\\\/archeolab.app\\\/villa\\\/\",\"name\":\"La villa romaine du Prieur\u00e9\",\"description\":\"Une visite virtuelle de la villa romaine de Pully\",\"publisher\":{\"@id\":\"https:\\\/\\\/archeolab.app\\\/villa\\\/#organization\"},\"potentialAction\":[{\"@type\":\"SearchAction\",\"target\":{\"@type\":\"EntryPoint\",\"urlTemplate\":\"https:\\\/\\\/archeolab.app\\\/villa\\\/?s={search_term_string}\"},\"query-input\":{\"@type\":\"PropertyValueSpecification\",\"valueRequired\":true,\"valueName\":\"search_term_string\"}}],\"inLanguage\":\"fr-FR\"},{\"@type\":\"Organization\",\"@id\":\"https:\\\/\\\/archeolab.app\\\/villa\\\/#organization\",\"name\":\"Arch\u00e9olab\",\"url\":\"https:\\\/\\\/archeolab.app\\\/villa\\\/\",\"logo\":{\"@type\":\"ImageObject\",\"inLanguage\":\"fr-FR\",\"@id\":\"https:\\\/\\\/archeolab.app\\\/villa\\\/#\\\/schema\\\/logo\\\/image\\\/\",\"url\":\"https:\\\/\\\/archeolab.app\\\/villa\\\/wp-content\\\/uploads\\\/sites\\\/2\\\/2020\\\/03\\\/LOGO_AL.app_small-02.png\",\"contentUrl\":\"https:\\\/\\\/archeolab.app\\\/villa\\\/wp-content\\\/uploads\\\/sites\\\/2\\\/2020\\\/03\\\/LOGO_AL.app_small-02.png\",\"width\":527,\"height\":523,\"caption\":\"Arch\u00e9olab\"},\"image\":{\"@id\":\"https:\\\/\\\/archeolab.app\\\/villa\\\/#\\\/schema\\\/logo\\\/image\\\/\"}}]}<\/script>\n<!-- \/ Yoast SEO plugin. -->","yoast_head_json":{"title":"La fresque \u00e0 l\u2019aurige &#8226; La villa romaine du Prieur\u00e9","robots":{"index":"index","follow":"follow","max-snippet":"max-snippet:-1","max-image-preview":"max-image-preview:large","max-video-preview":"max-video-preview:-1"},"canonical":"https:\/\/archeolab.app\/villa\/lhistoire-des-decouvertes\/le-20e-siecle\/la-fresque-a-laurige\/","og_locale":"fr_FR","og_type":"article","og_title":"La fresque \u00e0 l\u2019aurige &#8226; La villa romaine du Prieur\u00e9","og_description":"L&rsquo;\u00e9tude de la fresque de la villa romaine de Pully a n\u00e9cessit\u00e9 un immense travail. En effet, il faudra dix longues ann\u00e9es d\u2019\u00e9tude pour reconstituer cette fresque et l\u2019installer au &hellip; Continuer la lecture de La fresque \u00e0 l\u2019aurige","og_url":"https:\/\/archeolab.app\/villa\/lhistoire-des-decouvertes\/le-20e-siecle\/la-fresque-a-laurige\/","og_site_name":"La villa romaine du Prieur\u00e9","article_modified_time":"2020-05-05T10:01:49+00:00","og_image":[{"url":"https:\/\/archeolab.app\/villa\/wp-content\/uploads\/sites\/2\/2017\/08\/fig139-1024x636.jpg","type":"","width":"","height":""}],"twitter_card":"summary_large_image","twitter_misc":{"Dur\u00e9e de lecture estim\u00e9e":"1 minute"},"schema":{"@context":"https:\/\/schema.org","@graph":[{"@type":"WebPage","@id":"https:\/\/archeolab.app\/villa\/lhistoire-des-decouvertes\/le-20e-siecle\/la-fresque-a-laurige\/","url":"https:\/\/archeolab.app\/villa\/lhistoire-des-decouvertes\/le-20e-siecle\/la-fresque-a-laurige\/","name":"La fresque \u00e0 l\u2019aurige &#8226; La villa romaine du Prieur\u00e9","isPartOf":{"@id":"https:\/\/archeolab.app\/villa\/#website"},"primaryImageOfPage":{"@id":"https:\/\/archeolab.app\/villa\/lhistoire-des-decouvertes\/le-20e-siecle\/la-fresque-a-laurige\/#primaryimage"},"image":{"@id":"https:\/\/archeolab.app\/villa\/lhistoire-des-decouvertes\/le-20e-siecle\/la-fresque-a-laurige\/#primaryimage"},"thumbnailUrl":"https:\/\/archeolab.app\/villa\/wp-content\/uploads\/sites\/2\/2017\/08\/fig139-1024x636.jpg","datePublished":"2017-08-23T07:05:21+00:00","dateModified":"2020-05-05T10:01:49+00:00","breadcrumb":{"@id":"https:\/\/archeolab.app\/villa\/lhistoire-des-decouvertes\/le-20e-siecle\/la-fresque-a-laurige\/#breadcrumb"},"inLanguage":"fr-FR","potentialAction":[{"@type":"ReadAction","target":["https:\/\/archeolab.app\/villa\/lhistoire-des-decouvertes\/le-20e-siecle\/la-fresque-a-laurige\/"]}]},{"@type":"ImageObject","inLanguage":"fr-FR","@id":"https:\/\/archeolab.app\/villa\/lhistoire-des-decouvertes\/le-20e-siecle\/la-fresque-a-laurige\/#primaryimage","url":"https:\/\/archeolab.app\/villa\/wp-content\/uploads\/sites\/2\/2017\/08\/fig139.jpg","contentUrl":"https:\/\/archeolab.app\/villa\/wp-content\/uploads\/sites\/2\/2017\/08\/fig139.jpg","width":2000,"height":1241,"caption":"Fresque de l\u2019h\u00e9micycle au moment de la d\u00e9couverte MAY CASTELLA (C.) (dir.), La villa romaine du Prieur\u00e9 \u00e0 Pully et ses peintures murales. Fouilles de 1971-1976 et 2002-2004, Cahiers d\u2019arch\u00e9ologie romande, Lausanne, 2013, p. 147, fig. 143."},{"@type":"BreadcrumbList","@id":"https:\/\/archeolab.app\/villa\/lhistoire-des-decouvertes\/le-20e-siecle\/la-fresque-a-laurige\/#breadcrumb","itemListElement":[{"@type":"ListItem","position":1,"name":"Accueil","item":"https:\/\/archeolab.app\/villa\/"},{"@type":"ListItem","position":2,"name":"L&rsquo;histoire des d\u00e9couvertes","item":"https:\/\/archeolab.app\/villa\/lhistoire-des-decouvertes\/"},{"@type":"ListItem","position":3,"name":"Le 20e si\u00e8cle","item":"https:\/\/archeolab.app\/villa\/lhistoire-des-decouvertes\/le-20e-siecle\/"},{"@type":"ListItem","position":4,"name":"La fresque \u00e0 l\u2019aurige"}]},{"@type":"WebSite","@id":"https:\/\/archeolab.app\/villa\/#website","url":"https:\/\/archeolab.app\/villa\/","name":"La villa romaine du Prieur\u00e9","description":"Une visite virtuelle de la villa romaine de Pully","publisher":{"@id":"https:\/\/archeolab.app\/villa\/#organization"},"potentialAction":[{"@type":"SearchAction","target":{"@type":"EntryPoint","urlTemplate":"https:\/\/archeolab.app\/villa\/?s={search_term_string}"},"query-input":{"@type":"PropertyValueSpecification","valueRequired":true,"valueName":"search_term_string"}}],"inLanguage":"fr-FR"},{"@type":"Organization","@id":"https:\/\/archeolab.app\/villa\/#organization","name":"Arch\u00e9olab","url":"https:\/\/archeolab.app\/villa\/","logo":{"@type":"ImageObject","inLanguage":"fr-FR","@id":"https:\/\/archeolab.app\/villa\/#\/schema\/logo\/image\/","url":"https:\/\/archeolab.app\/villa\/wp-content\/uploads\/sites\/2\/2020\/03\/LOGO_AL.app_small-02.png","contentUrl":"https:\/\/archeolab.app\/villa\/wp-content\/uploads\/sites\/2\/2020\/03\/LOGO_AL.app_small-02.png","width":527,"height":523,"caption":"Arch\u00e9olab"},"image":{"@id":"https:\/\/archeolab.app\/villa\/#\/schema\/logo\/image\/"}}]}},"_links":{"self":[{"href":"https:\/\/archeolab.app\/villa\/wp-json\/wp\/v2\/pages\/172","targetHints":{"allow":["GET"]}}],"collection":[{"href":"https:\/\/archeolab.app\/villa\/wp-json\/wp\/v2\/pages"}],"about":[{"href":"https:\/\/archeolab.app\/villa\/wp-json\/wp\/v2\/types\/page"}],"author":[{"embeddable":true,"href":"https:\/\/archeolab.app\/villa\/wp-json\/wp\/v2\/users\/1"}],"replies":[{"embeddable":true,"href":"https:\/\/archeolab.app\/villa\/wp-json\/wp\/v2\/comments?post=172"}],"version-history":[{"count":4,"href":"https:\/\/archeolab.app\/villa\/wp-json\/wp\/v2\/pages\/172\/revisions"}],"predecessor-version":[{"id":2441,"href":"https:\/\/archeolab.app\/villa\/wp-json\/wp\/v2\/pages\/172\/revisions\/2441"}],"up":[{"embeddable":true,"href":"https:\/\/archeolab.app\/villa\/wp-json\/wp\/v2\/pages\/167"}],"wp:attachment":[{"href":"https:\/\/archeolab.app\/villa\/wp-json\/wp\/v2\/media?parent=172"}],"curies":[{"name":"wp","href":"https:\/\/api.w.org\/{rel}","templated":true}]}}