{"id":147,"date":"2017-08-23T09:05:21","date_gmt":"2017-08-23T07:05:21","guid":{"rendered":"http:\/\/www.archeoweb.ch\/villa\/lhistoire-de-la-villa\/epoque-romaine\/le-siecle-dor-de-la-villa\/leau-dans-la-villa\/"},"modified":"2020-03-26T09:53:15","modified_gmt":"2020-03-26T08:53:15","slug":"leau-dans-la-villa","status":"publish","type":"page","link":"https:\/\/archeolab.app\/villa\/lhistoire-de-la-villa\/le-siecle-dor-de-la-villa\/leau-dans-la-villa\/","title":{"rendered":"L\u2019eau dans la villa"},"content":{"rendered":"<p style=\"text-align: justify;\">La <em>villa<\/em> de Pully faisait largement usage de l\u2019eau, comme le prouve la pr\u00e9sence de nombreux bassins, salles thermales, jardins, latrines et cuisines. Les d\u00e9couvertes sont cependant pauvres\u00a0: seuls quelques \u00e9l\u00e9ments de canalisation ont \u00e9t\u00e9 retrouv\u00e9s. Dans le pavillon en h\u00e9micycle, on peut encore voir, sur quelques m\u00e8tres dans le fond du mus\u00e9e, les restes de la canalisation qui \u00e9vacuait l\u2019eau d\u2019une fontaine, aujourd\u2019hui disparue. L\u2019eau de cette derni\u00e8re provenait du grand bassin de la cour centrale de la <em>villa<\/em>. On ignore encore \u00e0 ce jour comment la propri\u00e9t\u00e9 \u00e9tait aliment\u00e9e en eau\u00a0: \u00e9tait-ce gr\u00e2ce \u00e0 un puits, \u00e0 un syst\u00e8me de citernes ou par le biais d\u2019un aqueduc\u00a0? \u00c0 moins que ce ne soit par ces trois moyens r\u00e9unis\u2026<\/p>\n<figure id=\"attachment_1116\" aria-describedby=\"caption-attachment-1116\" style=\"width: 579px\" class=\"wp-caption aligncenter\"><img loading=\"lazy\" decoding=\"async\" class=\"wp-image-1116 \" src=\"https:\/\/archeolab.app\/villa\/wp-content\/uploads\/sites\/2\/2017\/08\/fig137-760x1024.jpg\" alt=\"\" width=\"579\" height=\"780\" srcset=\"https:\/\/archeolab.app\/villa\/wp-content\/uploads\/sites\/2\/2017\/08\/fig137-760x1024.jpg 760w, https:\/\/archeolab.app\/villa\/wp-content\/uploads\/sites\/2\/2017\/08\/fig137-223x300.jpg 223w, https:\/\/archeolab.app\/villa\/wp-content\/uploads\/sites\/2\/2017\/08\/fig137-768x1035.jpg 768w, https:\/\/archeolab.app\/villa\/wp-content\/uploads\/sites\/2\/2017\/08\/fig137.jpg 860w\" sizes=\"auto, (max-width: 579px) 100vw, 579px\" \/><figcaption id=\"caption-attachment-1116\" class=\"wp-caption-text\">Restitution de la fontaine de l&rsquo;h\u00e9micycle. Mus\u00e9e de Pully et Arch\u00e9odunum SA, Gollion.<\/figcaption><\/figure>\n<figure id=\"attachment_1117\" aria-describedby=\"caption-attachment-1117\" style=\"width: 578px\" class=\"wp-caption aligncenter\"><img loading=\"lazy\" decoding=\"async\" class=\"wp-image-1117 \" style=\"font-size: 1rem;\" src=\"https:\/\/archeolab.app\/villa\/wp-content\/uploads\/sites\/2\/2017\/08\/fig064_corr-676x1024.jpg\" alt=\"\" width=\"578\" height=\"875\" srcset=\"https:\/\/archeolab.app\/villa\/wp-content\/uploads\/sites\/2\/2017\/08\/fig064_corr-676x1024.jpg 676w, https:\/\/archeolab.app\/villa\/wp-content\/uploads\/sites\/2\/2017\/08\/fig064_corr-198x300.jpg 198w, https:\/\/archeolab.app\/villa\/wp-content\/uploads\/sites\/2\/2017\/08\/fig064_corr-768x1163.jpg 768w, https:\/\/archeolab.app\/villa\/wp-content\/uploads\/sites\/2\/2017\/08\/fig064_corr-1014x1536.jpg 1014w, https:\/\/archeolab.app\/villa\/wp-content\/uploads\/sites\/2\/2017\/08\/fig064_corr-1200x1817.jpg 1200w, https:\/\/archeolab.app\/villa\/wp-content\/uploads\/sites\/2\/2017\/08\/fig064_corr.jpg 1299w\" sizes=\"auto, (max-width: 578px) 100vw, 578px\" \/><figcaption id=\"caption-attachment-1117\" class=\"wp-caption-text\">Canalisation dans l\u2019h\u00e9micycle servant \u00e0 \u00e9vacuer l\u2019eau de la fontaine. MAY CASTELLA (C.) (dir.), La <em>villa<\/em> romaine du Prieur\u00e9 \u00e0 Pully et ses peintures murales. Fouilles de 1971-1976 et 2002-2004, Cahiers d\u2019arch\u00e9ologie romande, Lausanne, 2013, p. 86, fig. 67.<\/figcaption><\/figure>\n<p>\u21d2 <a href=\"https:\/\/archeolab.app\/villa\/lhistoire-de-la-villa\/le-siecle-dor-de-la-villa\/le-bassin-monumental\/\">Le bassin monumental<\/a><\/p>\n","protected":false},"excerpt":{"rendered":"<p>La villa de Pully faisait largement usage de l\u2019eau, comme le prouve la pr\u00e9sence de nombreux bassins, salles thermales, jardins, latrines et cuisines. Les d\u00e9couvertes sont cependant pauvres\u00a0: seuls quelques &hellip; <a href=\"https:\/\/archeolab.app\/villa\/lhistoire-de-la-villa\/le-siecle-dor-de-la-villa\/leau-dans-la-villa\/\" class=\"more-link\">Continuer la lecture de <span class=\"screen-reader-text\">L\u2019eau dans la villa<\/span><\/a><\/p>\n","protected":false},"author":1,"featured_media":0,"parent":145,"menu_order":2,"comment_status":"closed","ping_status":"closed","template":"","meta":{"_acf_changed":false,"footnotes":""},"class_list":["post-147","page","type-page","status-publish","hentry"],"acf":[],"yoast_head":"<!-- This site is optimized with the Yoast SEO plugin v27.5 - https:\/\/yoast.com\/product\/yoast-seo-wordpress\/ -->\n<title>L\u2019eau dans la villa &#8226; La villa romaine du Prieur\u00e9<\/title>\n<meta name=\"robots\" content=\"index, follow, max-snippet:-1, max-image-preview:large, max-video-preview:-1\" \/>\n<link rel=\"canonical\" href=\"https:\/\/archeolab.app\/villa\/lhistoire-de-la-villa\/le-siecle-dor-de-la-villa\/leau-dans-la-villa\/\" \/>\n<meta property=\"og:locale\" content=\"fr_FR\" \/>\n<meta property=\"og:type\" content=\"article\" \/>\n<meta property=\"og:title\" content=\"L\u2019eau dans la villa &#8226; La villa romaine du Prieur\u00e9\" \/>\n<meta property=\"og:description\" content=\"La villa de Pully faisait largement usage de l\u2019eau, comme le prouve la pr\u00e9sence de nombreux bassins, salles thermales, jardins, latrines et cuisines. Les d\u00e9couvertes sont cependant pauvres\u00a0: seuls quelques &hellip; Continuer la lecture de L\u2019eau dans la villa\" \/>\n<meta property=\"og:url\" content=\"https:\/\/archeolab.app\/villa\/lhistoire-de-la-villa\/le-siecle-dor-de-la-villa\/leau-dans-la-villa\/\" \/>\n<meta property=\"og:site_name\" content=\"La villa romaine du Prieur\u00e9\" \/>\n<meta property=\"article:modified_time\" content=\"2020-03-26T08:53:15+00:00\" \/>\n<meta property=\"og:image\" content=\"https:\/\/archeolab.app\/villa\/wp-content\/uploads\/sites\/2\/2017\/08\/fig137-760x1024.jpg\" \/>\n<meta name=\"twitter:card\" content=\"summary_large_image\" \/>\n<meta name=\"twitter:label1\" content=\"Dur\u00e9e de lecture estim\u00e9e\" \/>\n\t<meta name=\"twitter:data1\" content=\"1 minute\" \/>\n<script type=\"application\/ld+json\" class=\"yoast-schema-graph\">{\"@context\":\"https:\\\/\\\/schema.org\",\"@graph\":[{\"@type\":\"WebPage\",\"@id\":\"https:\\\/\\\/archeolab.app\\\/villa\\\/lhistoire-de-la-villa\\\/le-siecle-dor-de-la-villa\\\/leau-dans-la-villa\\\/\",\"url\":\"https:\\\/\\\/archeolab.app\\\/villa\\\/lhistoire-de-la-villa\\\/le-siecle-dor-de-la-villa\\\/leau-dans-la-villa\\\/\",\"name\":\"L\u2019eau dans la villa &#8226; La villa romaine du Prieur\u00e9\",\"isPartOf\":{\"@id\":\"https:\\\/\\\/archeolab.app\\\/villa\\\/#website\"},\"primaryImageOfPage\":{\"@id\":\"https:\\\/\\\/archeolab.app\\\/villa\\\/lhistoire-de-la-villa\\\/le-siecle-dor-de-la-villa\\\/leau-dans-la-villa\\\/#primaryimage\"},\"image\":{\"@id\":\"https:\\\/\\\/archeolab.app\\\/villa\\\/lhistoire-de-la-villa\\\/le-siecle-dor-de-la-villa\\\/leau-dans-la-villa\\\/#primaryimage\"},\"thumbnailUrl\":\"https:\\\/\\\/archeolab.app\\\/villa\\\/wp-content\\\/uploads\\\/sites\\\/2\\\/2017\\\/08\\\/fig137-760x1024.jpg\",\"datePublished\":\"2017-08-23T07:05:21+00:00\",\"dateModified\":\"2020-03-26T08:53:15+00:00\",\"breadcrumb\":{\"@id\":\"https:\\\/\\\/archeolab.app\\\/villa\\\/lhistoire-de-la-villa\\\/le-siecle-dor-de-la-villa\\\/leau-dans-la-villa\\\/#breadcrumb\"},\"inLanguage\":\"fr-FR\",\"potentialAction\":[{\"@type\":\"ReadAction\",\"target\":[\"https:\\\/\\\/archeolab.app\\\/villa\\\/lhistoire-de-la-villa\\\/le-siecle-dor-de-la-villa\\\/leau-dans-la-villa\\\/\"]}]},{\"@type\":\"ImageObject\",\"inLanguage\":\"fr-FR\",\"@id\":\"https:\\\/\\\/archeolab.app\\\/villa\\\/lhistoire-de-la-villa\\\/le-siecle-dor-de-la-villa\\\/leau-dans-la-villa\\\/#primaryimage\",\"url\":\"https:\\\/\\\/archeolab.app\\\/villa\\\/wp-content\\\/uploads\\\/sites\\\/2\\\/2017\\\/08\\\/fig137.jpg\",\"contentUrl\":\"https:\\\/\\\/archeolab.app\\\/villa\\\/wp-content\\\/uploads\\\/sites\\\/2\\\/2017\\\/08\\\/fig137.jpg\",\"width\":860,\"height\":1159},{\"@type\":\"BreadcrumbList\",\"@id\":\"https:\\\/\\\/archeolab.app\\\/villa\\\/lhistoire-de-la-villa\\\/le-siecle-dor-de-la-villa\\\/leau-dans-la-villa\\\/#breadcrumb\",\"itemListElement\":[{\"@type\":\"ListItem\",\"position\":1,\"name\":\"Accueil\",\"item\":\"https:\\\/\\\/archeolab.app\\\/villa\\\/\"},{\"@type\":\"ListItem\",\"position\":2,\"name\":\"L\u2019histoire de la villa\",\"item\":\"https:\\\/\\\/archeolab.app\\\/villa\\\/lhistoire-de-la-villa\\\/\"},{\"@type\":\"ListItem\",\"position\":3,\"name\":\"Le si\u00e8cle d\u2019or de la villa\",\"item\":\"https:\\\/\\\/archeolab.app\\\/villa\\\/lhistoire-de-la-villa\\\/le-siecle-dor-de-la-villa\\\/\"},{\"@type\":\"ListItem\",\"position\":4,\"name\":\"L\u2019eau dans la villa\"}]},{\"@type\":\"WebSite\",\"@id\":\"https:\\\/\\\/archeolab.app\\\/villa\\\/#website\",\"url\":\"https:\\\/\\\/archeolab.app\\\/villa\\\/\",\"name\":\"La villa romaine du Prieur\u00e9\",\"description\":\"Une visite virtuelle de la villa romaine de Pully\",\"publisher\":{\"@id\":\"https:\\\/\\\/archeolab.app\\\/villa\\\/#organization\"},\"potentialAction\":[{\"@type\":\"SearchAction\",\"target\":{\"@type\":\"EntryPoint\",\"urlTemplate\":\"https:\\\/\\\/archeolab.app\\\/villa\\\/?s={search_term_string}\"},\"query-input\":{\"@type\":\"PropertyValueSpecification\",\"valueRequired\":true,\"valueName\":\"search_term_string\"}}],\"inLanguage\":\"fr-FR\"},{\"@type\":\"Organization\",\"@id\":\"https:\\\/\\\/archeolab.app\\\/villa\\\/#organization\",\"name\":\"Arch\u00e9olab\",\"url\":\"https:\\\/\\\/archeolab.app\\\/villa\\\/\",\"logo\":{\"@type\":\"ImageObject\",\"inLanguage\":\"fr-FR\",\"@id\":\"https:\\\/\\\/archeolab.app\\\/villa\\\/#\\\/schema\\\/logo\\\/image\\\/\",\"url\":\"https:\\\/\\\/archeolab.app\\\/villa\\\/wp-content\\\/uploads\\\/sites\\\/2\\\/2020\\\/03\\\/LOGO_AL.app_small-02.png\",\"contentUrl\":\"https:\\\/\\\/archeolab.app\\\/villa\\\/wp-content\\\/uploads\\\/sites\\\/2\\\/2020\\\/03\\\/LOGO_AL.app_small-02.png\",\"width\":527,\"height\":523,\"caption\":\"Arch\u00e9olab\"},\"image\":{\"@id\":\"https:\\\/\\\/archeolab.app\\\/villa\\\/#\\\/schema\\\/logo\\\/image\\\/\"}}]}<\/script>\n<!-- \/ Yoast SEO plugin. -->","yoast_head_json":{"title":"L\u2019eau dans la villa &#8226; La villa romaine du Prieur\u00e9","robots":{"index":"index","follow":"follow","max-snippet":"max-snippet:-1","max-image-preview":"max-image-preview:large","max-video-preview":"max-video-preview:-1"},"canonical":"https:\/\/archeolab.app\/villa\/lhistoire-de-la-villa\/le-siecle-dor-de-la-villa\/leau-dans-la-villa\/","og_locale":"fr_FR","og_type":"article","og_title":"L\u2019eau dans la villa &#8226; La villa romaine du Prieur\u00e9","og_description":"La villa de Pully faisait largement usage de l\u2019eau, comme le prouve la pr\u00e9sence de nombreux bassins, salles thermales, jardins, latrines et cuisines. Les d\u00e9couvertes sont cependant pauvres\u00a0: seuls quelques &hellip; Continuer la lecture de L\u2019eau dans la villa","og_url":"https:\/\/archeolab.app\/villa\/lhistoire-de-la-villa\/le-siecle-dor-de-la-villa\/leau-dans-la-villa\/","og_site_name":"La villa romaine du Prieur\u00e9","article_modified_time":"2020-03-26T08:53:15+00:00","og_image":[{"url":"https:\/\/archeolab.app\/villa\/wp-content\/uploads\/sites\/2\/2017\/08\/fig137-760x1024.jpg","type":"","width":"","height":""}],"twitter_card":"summary_large_image","twitter_misc":{"Dur\u00e9e de lecture estim\u00e9e":"1 minute"},"schema":{"@context":"https:\/\/schema.org","@graph":[{"@type":"WebPage","@id":"https:\/\/archeolab.app\/villa\/lhistoire-de-la-villa\/le-siecle-dor-de-la-villa\/leau-dans-la-villa\/","url":"https:\/\/archeolab.app\/villa\/lhistoire-de-la-villa\/le-siecle-dor-de-la-villa\/leau-dans-la-villa\/","name":"L\u2019eau dans la villa &#8226; La villa romaine du Prieur\u00e9","isPartOf":{"@id":"https:\/\/archeolab.app\/villa\/#website"},"primaryImageOfPage":{"@id":"https:\/\/archeolab.app\/villa\/lhistoire-de-la-villa\/le-siecle-dor-de-la-villa\/leau-dans-la-villa\/#primaryimage"},"image":{"@id":"https:\/\/archeolab.app\/villa\/lhistoire-de-la-villa\/le-siecle-dor-de-la-villa\/leau-dans-la-villa\/#primaryimage"},"thumbnailUrl":"https:\/\/archeolab.app\/villa\/wp-content\/uploads\/sites\/2\/2017\/08\/fig137-760x1024.jpg","datePublished":"2017-08-23T07:05:21+00:00","dateModified":"2020-03-26T08:53:15+00:00","breadcrumb":{"@id":"https:\/\/archeolab.app\/villa\/lhistoire-de-la-villa\/le-siecle-dor-de-la-villa\/leau-dans-la-villa\/#breadcrumb"},"inLanguage":"fr-FR","potentialAction":[{"@type":"ReadAction","target":["https:\/\/archeolab.app\/villa\/lhistoire-de-la-villa\/le-siecle-dor-de-la-villa\/leau-dans-la-villa\/"]}]},{"@type":"ImageObject","inLanguage":"fr-FR","@id":"https:\/\/archeolab.app\/villa\/lhistoire-de-la-villa\/le-siecle-dor-de-la-villa\/leau-dans-la-villa\/#primaryimage","url":"https:\/\/archeolab.app\/villa\/wp-content\/uploads\/sites\/2\/2017\/08\/fig137.jpg","contentUrl":"https:\/\/archeolab.app\/villa\/wp-content\/uploads\/sites\/2\/2017\/08\/fig137.jpg","width":860,"height":1159},{"@type":"BreadcrumbList","@id":"https:\/\/archeolab.app\/villa\/lhistoire-de-la-villa\/le-siecle-dor-de-la-villa\/leau-dans-la-villa\/#breadcrumb","itemListElement":[{"@type":"ListItem","position":1,"name":"Accueil","item":"https:\/\/archeolab.app\/villa\/"},{"@type":"ListItem","position":2,"name":"L\u2019histoire de la villa","item":"https:\/\/archeolab.app\/villa\/lhistoire-de-la-villa\/"},{"@type":"ListItem","position":3,"name":"Le si\u00e8cle d\u2019or de la villa","item":"https:\/\/archeolab.app\/villa\/lhistoire-de-la-villa\/le-siecle-dor-de-la-villa\/"},{"@type":"ListItem","position":4,"name":"L\u2019eau dans la villa"}]},{"@type":"WebSite","@id":"https:\/\/archeolab.app\/villa\/#website","url":"https:\/\/archeolab.app\/villa\/","name":"La villa romaine du Prieur\u00e9","description":"Une visite virtuelle de la villa romaine de Pully","publisher":{"@id":"https:\/\/archeolab.app\/villa\/#organization"},"potentialAction":[{"@type":"SearchAction","target":{"@type":"EntryPoint","urlTemplate":"https:\/\/archeolab.app\/villa\/?s={search_term_string}"},"query-input":{"@type":"PropertyValueSpecification","valueRequired":true,"valueName":"search_term_string"}}],"inLanguage":"fr-FR"},{"@type":"Organization","@id":"https:\/\/archeolab.app\/villa\/#organization","name":"Arch\u00e9olab","url":"https:\/\/archeolab.app\/villa\/","logo":{"@type":"ImageObject","inLanguage":"fr-FR","@id":"https:\/\/archeolab.app\/villa\/#\/schema\/logo\/image\/","url":"https:\/\/archeolab.app\/villa\/wp-content\/uploads\/sites\/2\/2020\/03\/LOGO_AL.app_small-02.png","contentUrl":"https:\/\/archeolab.app\/villa\/wp-content\/uploads\/sites\/2\/2020\/03\/LOGO_AL.app_small-02.png","width":527,"height":523,"caption":"Arch\u00e9olab"},"image":{"@id":"https:\/\/archeolab.app\/villa\/#\/schema\/logo\/image\/"}}]}},"_links":{"self":[{"href":"https:\/\/archeolab.app\/villa\/wp-json\/wp\/v2\/pages\/147","targetHints":{"allow":["GET"]}}],"collection":[{"href":"https:\/\/archeolab.app\/villa\/wp-json\/wp\/v2\/pages"}],"about":[{"href":"https:\/\/archeolab.app\/villa\/wp-json\/wp\/v2\/types\/page"}],"author":[{"embeddable":true,"href":"https:\/\/archeolab.app\/villa\/wp-json\/wp\/v2\/users\/1"}],"replies":[{"embeddable":true,"href":"https:\/\/archeolab.app\/villa\/wp-json\/wp\/v2\/comments?post=147"}],"version-history":[{"count":1,"href":"https:\/\/archeolab.app\/villa\/wp-json\/wp\/v2\/pages\/147\/revisions"}],"predecessor-version":[{"id":2231,"href":"https:\/\/archeolab.app\/villa\/wp-json\/wp\/v2\/pages\/147\/revisions\/2231"}],"up":[{"embeddable":true,"href":"https:\/\/archeolab.app\/villa\/wp-json\/wp\/v2\/pages\/145"}],"wp:attachment":[{"href":"https:\/\/archeolab.app\/villa\/wp-json\/wp\/v2\/media?parent=147"}],"curies":[{"name":"wp","href":"https:\/\/api.w.org\/{rel}","templated":true}]}}