{"id":237,"date":"2020-05-06T11:17:10","date_gmt":"2020-05-06T09:17:10","guid":{"rendered":"https:\/\/archeolab.app\/histoires\/?page_id=237"},"modified":"2023-12-07T12:30:35","modified_gmt":"2023-12-07T11:30:35","slug":"charles-ferdinand-ramuz","status":"publish","type":"page","link":"https:\/\/archeolab.app\/histoires\/charles-ferdinand-ramuz\/","title":{"rendered":"C. F. Ramuz"},"content":{"rendered":"\n<h2 class=\"wp-block-heading\">\u00c9crivain, 1878-1947<\/h2>\n\n\n\n\n\n\n\n<p><\/p>\n\n\n<p><iframe loading=\"lazy\" src=\"https:\/\/cdn.knightlab.com\/libs\/timeline3\/latest\/embed\/index.html?source=1X2UtUEKswAvBfJMfCx2NYE3f_H0ITFGsjFiWav8BheI&amp;font=Default&amp;lang=fr&amp;timenav_position=top&amp;hash_bookmark=true&amp;initial_zoom=5&amp;start_at_slide=2&amp;height=230#event-c-f-ramuz-ecrivain\" allowfullscreen=\"allowfullscreen\" width=\"100%\" height=\"230\" frameborder=\"0\"><\/iframe><\/p>\n\n\n<figure class=\"wp-block-audio\"><audio controls src=\"https:\/\/archeolab.app\/histoires\/wp-content\/uploads\/sites\/4\/2023\/05\/9.Ramuz_lecture.mp3\"><\/audio><figcaption class=\"wp-element-caption\">Lecture \u00e0 voix haute<\/figcaption><\/figure>\n\n\n\n<div class=\"wp-block-group\"><div class=\"wp-block-group__inner-container is-layout-flow wp-block-group-is-layout-flow\">\n<p style=\"padding-left: 40px;\"><em>\u00ab\u00a0Je n\u2019habite Pully que depuis deux ou trois mois ; je parle donc en simple \u00ab\u00a0spectateur\u00a0\u00bb. Je vous dis ce qui m\u2019y a frapp\u00e9 et que c\u2019est, tout pr\u00e8s de Lausanne, un caract\u00e8re de permanence ou de survivance [\u2026]. Il est vrai que j\u2019y ai trouv\u00e9 une vieille maison tranquille (\u00e0 part quelques terribles petits canots-moteurs) et que la tranquillit\u00e9 est un grand bien. Mais cette maison est entour\u00e9e de plusieurs maisons pareilles qui font m\u00eame tout un quartier, et c\u2019est par l\u00e0 qu\u2019elles prennent leur sens.\u00a0\u00bb<\/em><\/p>\n<p style=\"padding-left: 40px;\"><em>Journal de Pully<\/em> du 26 septembre 1930<\/p>\n<p align=\"justify\">Tout juste d\u00e9cor\u00e9 du prix Romand, C. F. Ramuz (Charles Ferdinand) arrive \u00e0 Pully le 20 mai 1930 et suscite la fascination des habitants. L\u2019auteur s\u2019installe au Chemin Davel, dans <em>La Muette<\/em>. C\u2019est durant l\u2019\u00e9poque bernoise que cette maison aurait \u00e9t\u00e9 construite. Elle \u00e9tait alors habit\u00e9e par la famille Borgeaud, dont plusieurs membres ont occup\u00e9 des charges officielles \u00e0 Pully d\u00e8s le XVI<sup>e<\/sup> si\u00e8cle, notamment G\u00e9d\u00e9on Borgeaud, qui \u00e9tait banneret (chevalier ayant le droit de porter la banni\u00e8re) de Pully. \u00c0 la fin de sa vie, son nom a m\u00eame \u00e9t\u00e9 coul\u00e9 dans le bronze de l\u2019une des deux cloches de l\u2019\u00e9glise. En 1790, il l\u00e8gue sa maison \u00e0 son fils a\u00een\u00e9, Jean-Fran\u00e7ois, tandis qu\u2019il fait construire une maison voisine \u00e0 son fils cadet, Jean-Samuel. Cette derni\u00e8re abrite aujourd\u2019hui le Mus\u00e9e d\u2019art de Pully. D\u2019autres h\u00e9ritiers de la famille Borgeaud occuperont ce lieu jusqu\u2019\u00e0 l\u2019achat effectu\u00e9 par C. F. Ramuz en 1930. La Muette est un exemple typique des maisons vigneronnes, comme l\u2019indiquait la pr\u00e9sence d\u2019un pressoir et d\u2019une cave vo\u00fbt\u00e9e pour stocker le vin. La fa\u00e7ade de la maison peinte en rose a inspir\u00e9 des interpr\u00e9tations po\u00e9tiques : la couleur aurait \u00e9t\u00e9 obtenue gr\u00e2ce \u00e0 un m\u00e9lange de sable et de vin provenant des r\u00e9coltes de la r\u00e9gion.<\/p>\n<p align=\"justify\">C. F. Ramuz &#8211; <em>Pully 1940<\/em> :<\/p>\n<audio class=\"wp-audio-shortcode\" id=\"audio-237-1\" preload=\"none\" style=\"width: 100%;\" controls=\"controls\"><source type=\"audio\/mpeg\" src=\"https:\/\/archeolab.app\/histoires\/wp-content\/uploads\/sites\/4\/2020\/07\/Ramuz_Pully1940_HQ.mp3?_=1\" \/><a href=\"https:\/\/archeolab.app\/histoires\/wp-content\/uploads\/sites\/4\/2020\/07\/Ramuz_Pully1940_HQ.mp3\">https:\/\/archeolab.app\/histoires\/wp-content\/uploads\/sites\/4\/2020\/07\/Ramuz_Pully1940_HQ.mp3<\/a><\/audio>\n<figure id=\"attachment_241\" aria-describedby=\"caption-attachment-241\" style=\"width: 639px\" class=\"wp-caption aligncenter\"><a href=\"https:\/\/archeolab.app\/histoires\/wp-content\/uploads\/sites\/4\/2020\/05\/La-muette_GERALD-BOSSHARD-A.jpg\" target=\"_blank\" rel=\"noopener noreferrer\"><img loading=\"lazy\" decoding=\"async\" class=\"wp-image-241 size-full\" src=\"https:\/\/archeolab.app\/histoires\/wp-content\/uploads\/sites\/4\/2020\/05\/La-muette_GERALD-BOSSHARD-A.jpg\" alt=\"Ramuz La Muette\" width=\"639\" height=\"424\" srcset=\"https:\/\/archeolab.app\/histoires\/wp-content\/uploads\/sites\/4\/2020\/05\/La-muette_GERALD-BOSSHARD-A.jpg 639w, https:\/\/archeolab.app\/histoires\/wp-content\/uploads\/sites\/4\/2020\/05\/La-muette_GERALD-BOSSHARD-A-300x199.jpg 300w\" sizes=\"auto, (max-width: 639px) 100vw, 639px\" \/><\/a><figcaption id=\"caption-attachment-241\" class=\"wp-caption-text\">Figure 9.1 : <em>La Muette<\/em>, maison de C. F. Ramuz de 1930 \u00e0 1947.<\/figcaption><\/figure>\n<p align=\"justify\">Fils et petit-fils de paysans et de commer\u00e7ants, C. F. Ramuz est n\u00e9 le 24 septembre 1878 \u00e0 Lausanne. Il s\u2019oriente rapidement vers des \u00e9tudes de Lettres \u00e0 l\u2019universit\u00e9 de Lausanne, qu\u2019il poursuit \u00e0 Paris vers 1900. Le 5 d\u00e9cembre 1903, C. F. Ramuz publie son premier article, <em>Sur Weimar<\/em>, dans la Gazette de Lausanne. En 1904, il d\u00e9cide de s\u2019installer dans la capitale fran\u00e7aise pour se d\u00e9vouer uniquement \u00e0 l\u2019\u00e9criture. Durant ses dix ann\u00e9es parisiennes, il \u00e9crit de nombreux ouvrages tels que <em>Aline<\/em> (1905), <em>Circonstances de la vie <\/em>(1906), <em>Jean-Luc pers\u00e9cut\u00e9<\/em> (1909), <em>Aim\u00e9 Pache, peintre vaudois<\/em> (1911) et <em>Vie de Samuel Belet<\/em> (1913). C\u2019est \u00e9galement durant cette p\u00e9riode qu\u2019il rencontre l\u2019artiste neuch\u00e2teloise C\u00e9cile Cellier, qu\u2019il \u00e9pouse en 1913. Ensemble, ils donnent naissance \u00e0 leur fille unique, Marianne.<\/p>\n<p align=\"justify\">De retour en Suisse, il fonde, en collaboration avec Paul Budry, Edmond Gilliard et Ernest Ansermet, <em>Les Cahiers vaudois<\/em>, dans lesquels il publie ses \u0153uvres de 1914 \u00e0 1918.<\/p>\n<p align=\"justify\">L\u2019\u00e9crivain vaudois ne manque pas d\u2019ambition : \u00ab\u00a0&#8230; je crois avoir conscience de ma valeur et je souffre de ce qu\u2019autrui ne la remarque pas, cet autrui qu\u2019on d\u00e9daigne si souvent et qui nous est si n\u00e9cessaire. J\u2019aurais besoin d\u2019encouragements\u2026\u00a0\u00bb. Ses paroles ont \u00e9t\u00e9 entendues, puisqu\u2019en 1930, il remporte le prix Romand. C. F. Ramuz investit la somme re\u00e7ue, 30\u2019000 francs, dans l\u2019achat de <em>La Muette<\/em>, o\u00f9 il vit jusqu\u2019\u00e0 sa mort le 23 mai 1947. L\u2019\u00e9crivain a \u00e9galement conquis les juges du Grand Prix de la Fondation Schiller en 1936, obtenant ainsi la plus haute distinction litt\u00e9raire suisse. Au total, C. F. Ramuz aura \u00e9crit plus d&rsquo;une vingtaine de romans, de nombreux r\u00e9cits, po\u00e8mes, essais et articles.<\/p>\n<figure id=\"attachment_540\" aria-describedby=\"caption-attachment-540\" style=\"width: 460px\" class=\"wp-caption aligncenter\"><a href=\"https:\/\/archeolab.app\/histoires\/wp-content\/uploads\/sites\/4\/2020\/06\/portrait_cf_ramuz_best-scaled-e1593446027114.jpg\" target=\"_blank\" rel=\"noopener noreferrer\"><img loading=\"lazy\" decoding=\"async\" class=\"wp-image-540\" src=\"https:\/\/archeolab.app\/histoires\/wp-content\/uploads\/sites\/4\/2020\/06\/portrait_cf_ramuz_best-scaled-e1593446027114-201x300.jpg\" alt=\"Ramuz portrait Muette\" width=\"460\" height=\"688\" srcset=\"https:\/\/archeolab.app\/histoires\/wp-content\/uploads\/sites\/4\/2020\/06\/portrait_cf_ramuz_best-scaled-e1593446027114-201x300.jpg 201w, https:\/\/archeolab.app\/histoires\/wp-content\/uploads\/sites\/4\/2020\/06\/portrait_cf_ramuz_best-scaled-e1593446027114-685x1024.jpg 685w, https:\/\/archeolab.app\/histoires\/wp-content\/uploads\/sites\/4\/2020\/06\/portrait_cf_ramuz_best-scaled-e1593446027114-768x1148.jpg 768w, https:\/\/archeolab.app\/histoires\/wp-content\/uploads\/sites\/4\/2020\/06\/portrait_cf_ramuz_best-scaled-e1593446027114-1028x1536.jpg 1028w, https:\/\/archeolab.app\/histoires\/wp-content\/uploads\/sites\/4\/2020\/06\/portrait_cf_ramuz_best-scaled-e1593446027114-1370x2048.jpg 1370w, https:\/\/archeolab.app\/histoires\/wp-content\/uploads\/sites\/4\/2020\/06\/portrait_cf_ramuz_best-scaled-e1593446027114.jpg 1670w\" sizes=\"auto, (max-width: 460px) 100vw, 460px\" \/><\/a><figcaption id=\"caption-attachment-540\" class=\"wp-caption-text\">Figure 9.2 : Portrait de C. F. Ramuz devant La Muette.<\/figcaption><\/figure>\n<p align=\"justify\">C\u2019est avec regret que les Pulli\u00e9rans ont dit adieu \u00e0 ce grand homme. Il laisse derri\u00e8re lui le souvenir d\u2019une haute silhouette \u00e0 chapeau traversant les ruelles de Pully et d&rsquo;un talent honor\u00e9 et c\u00e9l\u00e9br\u00e9. Sa maison rose, <em>La Muette,<\/em> conserve la m\u00e9moire de C. F. Ramuz, elle t\u00e9moigne de son caract\u00e8re et incarne son patrimoine qui ne pourra \u00eatre oubli\u00e9.<\/p>\n<p align=\"justify\"><em>La Muette<\/em> ouvrira ses portes au public \u00e0 l&rsquo;automne 2023 et chacun pourra y d\u00e9couvrir le lieu de cr\u00e9ation des derni\u00e8res ann\u00e9es de l\u2019auteur vaudois.<\/p>\n<figure id=\"attachment_240\" aria-describedby=\"caption-attachment-240\" style=\"width: 1333px\" class=\"wp-caption aligncenter\"><a href=\"https:\/\/archeolab.app\/histoires\/wp-content\/uploads\/sites\/4\/2020\/05\/Article-de-Ramuz_Vieux-Pays_1930-e1589357281770.jpg\" target=\"_blank\" rel=\"noopener noreferrer\"><img loading=\"lazy\" decoding=\"async\" class=\"wp-image-240 size-full\" src=\"https:\/\/archeolab.app\/histoires\/wp-content\/uploads\/sites\/4\/2020\/05\/Article-de-Ramuz_Vieux-Pays_1930-e1589357281770.jpg\" alt=\"Article Ramuz Vieux Pays 1930\" width=\"1333\" height=\"2473\" srcset=\"https:\/\/archeolab.app\/histoires\/wp-content\/uploads\/sites\/4\/2020\/05\/Article-de-Ramuz_Vieux-Pays_1930-e1589357281770.jpg 1333w, https:\/\/archeolab.app\/histoires\/wp-content\/uploads\/sites\/4\/2020\/05\/Article-de-Ramuz_Vieux-Pays_1930-e1589357281770-162x300.jpg 162w, https:\/\/archeolab.app\/histoires\/wp-content\/uploads\/sites\/4\/2020\/05\/Article-de-Ramuz_Vieux-Pays_1930-e1589357281770-552x1024.jpg 552w, https:\/\/archeolab.app\/histoires\/wp-content\/uploads\/sites\/4\/2020\/05\/Article-de-Ramuz_Vieux-Pays_1930-e1589357281770-768x1425.jpg 768w, https:\/\/archeolab.app\/histoires\/wp-content\/uploads\/sites\/4\/2020\/05\/Article-de-Ramuz_Vieux-Pays_1930-e1589357281770-828x1536.jpg 828w, https:\/\/archeolab.app\/histoires\/wp-content\/uploads\/sites\/4\/2020\/05\/Article-de-Ramuz_Vieux-Pays_1930-e1589357281770-1104x2048.jpg 1104w\" sizes=\"auto, (max-width: 1333px) 100vw, 1333px\" \/><\/a><figcaption id=\"caption-attachment-240\" class=\"wp-caption-text\">Figure 9.3 : Article sur Pully \u00e9crit par C. F. Ramuz dans le <em>Journal de Pully<\/em> du 26 septembre 1930.<\/figcaption><\/figure>\n<\/div><\/div>\n","protected":false},"excerpt":{"rendered":"<p>\u00c9crivain, 1878-1947 \u00ab\u00a0Je n\u2019habite Pully que depuis deux ou trois mois ; je parle donc en simple \u00ab\u00a0spectateur\u00a0\u00bb. Je vous dis ce qui m\u2019y a frapp\u00e9 et que c\u2019est, tout &hellip; <a href=\"https:\/\/archeolab.app\/histoires\/charles-ferdinand-ramuz\/\" class=\"more-link\">Continuer la lecture de <span class=\"screen-reader-text\">C. F. Ramuz<\/span><\/a><\/p>\n","protected":false},"author":2,"featured_media":0,"parent":0,"menu_order":90,"comment_status":"closed","ping_status":"closed","template":"","meta":{"_acf_changed":false,"footnotes":""},"class_list":["post-237","page","type-page","status-publish","hentry"],"acf":[],"yoast_head":"<!-- This site is optimized with the Yoast SEO plugin v27.5 - https:\/\/yoast.com\/product\/yoast-seo-wordpress\/ -->\n<title>C. F. Ramuz - Pully en histoires<\/title>\n<meta name=\"robots\" content=\"index, follow, max-snippet:-1, max-image-preview:large, max-video-preview:-1\" \/>\n<link rel=\"canonical\" href=\"https:\/\/archeolab.app\/histoires\/charles-ferdinand-ramuz\/\" \/>\n<meta property=\"og:locale\" content=\"fr_FR\" \/>\n<meta property=\"og:type\" content=\"article\" \/>\n<meta property=\"og:title\" content=\"C. F. Ramuz - Pully en histoires\" \/>\n<meta property=\"og:description\" content=\"\u00c9crivain, 1878-1947 \u00ab\u00a0Je n\u2019habite Pully que depuis deux ou trois mois ; je parle donc en simple \u00ab\u00a0spectateur\u00a0\u00bb. Je vous dis ce qui m\u2019y a frapp\u00e9 et que c\u2019est, tout &hellip; Continuer la lecture de C. F. Ramuz\" \/>\n<meta property=\"og:url\" content=\"https:\/\/archeolab.app\/histoires\/charles-ferdinand-ramuz\/\" \/>\n<meta property=\"og:site_name\" content=\"Pully en histoires\" \/>\n<meta property=\"article:publisher\" content=\"https:\/\/www.facebook.com\/archeolabpully\/\" \/>\n<meta property=\"article:modified_time\" content=\"2023-12-07T11:30:35+00:00\" \/>\n<meta property=\"og:image\" content=\"https:\/\/archeolab.app\/histoires\/wp-content\/uploads\/sites\/4\/2020\/05\/La-muette_GERALD-BOSSHARD-A.jpg\" \/>\n<meta name=\"twitter:card\" content=\"summary_large_image\" \/>\n<meta name=\"twitter:label1\" content=\"Dur\u00e9e de lecture estim\u00e9e\" \/>\n\t<meta name=\"twitter:data1\" content=\"5 minutes\" \/>\n<script type=\"application\/ld+json\" class=\"yoast-schema-graph\">{\"@context\":\"https:\\\/\\\/schema.org\",\"@graph\":[{\"@type\":\"WebPage\",\"@id\":\"https:\\\/\\\/archeolab.app\\\/histoires\\\/charles-ferdinand-ramuz\\\/\",\"url\":\"https:\\\/\\\/archeolab.app\\\/histoires\\\/charles-ferdinand-ramuz\\\/\",\"name\":\"C. F. Ramuz - Pully en histoires\",\"isPartOf\":{\"@id\":\"https:\\\/\\\/archeolab.app\\\/histoires\\\/#website\"},\"primaryImageOfPage\":{\"@id\":\"https:\\\/\\\/archeolab.app\\\/histoires\\\/charles-ferdinand-ramuz\\\/#primaryimage\"},\"image\":{\"@id\":\"https:\\\/\\\/archeolab.app\\\/histoires\\\/charles-ferdinand-ramuz\\\/#primaryimage\"},\"thumbnailUrl\":\"https:\\\/\\\/archeolab.app\\\/histoires\\\/wp-content\\\/uploads\\\/sites\\\/4\\\/2020\\\/05\\\/La-muette_GERALD-BOSSHARD-A.jpg\",\"datePublished\":\"2020-05-06T09:17:10+00:00\",\"dateModified\":\"2023-12-07T11:30:35+00:00\",\"breadcrumb\":{\"@id\":\"https:\\\/\\\/archeolab.app\\\/histoires\\\/charles-ferdinand-ramuz\\\/#breadcrumb\"},\"inLanguage\":\"fr-FR\",\"potentialAction\":[{\"@type\":\"ReadAction\",\"target\":[\"https:\\\/\\\/archeolab.app\\\/histoires\\\/charles-ferdinand-ramuz\\\/\"]}]},{\"@type\":\"ImageObject\",\"inLanguage\":\"fr-FR\",\"@id\":\"https:\\\/\\\/archeolab.app\\\/histoires\\\/charles-ferdinand-ramuz\\\/#primaryimage\",\"url\":\"https:\\\/\\\/archeolab.app\\\/histoires\\\/wp-content\\\/uploads\\\/sites\\\/4\\\/2020\\\/05\\\/La-muette_GERALD-BOSSHARD-A.jpg\",\"contentUrl\":\"https:\\\/\\\/archeolab.app\\\/histoires\\\/wp-content\\\/uploads\\\/sites\\\/4\\\/2020\\\/05\\\/La-muette_GERALD-BOSSHARD-A.jpg\"},{\"@type\":\"BreadcrumbList\",\"@id\":\"https:\\\/\\\/archeolab.app\\\/histoires\\\/charles-ferdinand-ramuz\\\/#breadcrumb\",\"itemListElement\":[{\"@type\":\"ListItem\",\"position\":1,\"name\":\"Accueil\",\"item\":\"https:\\\/\\\/archeolab.app\\\/histoires\\\/\"},{\"@type\":\"ListItem\",\"position\":2,\"name\":\"C. F. Ramuz\"}]},{\"@type\":\"WebSite\",\"@id\":\"https:\\\/\\\/archeolab.app\\\/histoires\\\/#website\",\"url\":\"https:\\\/\\\/archeolab.app\\\/histoires\\\/\",\"name\":\"Pully en histoires\",\"description\":\"Balade historique dans les rues de Pully\",\"publisher\":{\"@id\":\"https:\\\/\\\/archeolab.app\\\/histoires\\\/#organization\"},\"potentialAction\":[{\"@type\":\"SearchAction\",\"target\":{\"@type\":\"EntryPoint\",\"urlTemplate\":\"https:\\\/\\\/archeolab.app\\\/histoires\\\/?s={search_term_string}\"},\"query-input\":{\"@type\":\"PropertyValueSpecification\",\"valueRequired\":true,\"valueName\":\"search_term_string\"}}],\"inLanguage\":\"fr-FR\"},{\"@type\":\"Organization\",\"@id\":\"https:\\\/\\\/archeolab.app\\\/histoires\\\/#organization\",\"name\":\"Arch\u00e9oLab\",\"alternateName\":\"Mus\u00e9es de Pully\",\"url\":\"https:\\\/\\\/archeolab.app\\\/histoires\\\/\",\"logo\":{\"@type\":\"ImageObject\",\"inLanguage\":\"fr-FR\",\"@id\":\"https:\\\/\\\/archeolab.app\\\/histoires\\\/#\\\/schema\\\/logo\\\/image\\\/\",\"url\":\"https:\\\/\\\/archeolab.app\\\/histoires\\\/wp-content\\\/uploads\\\/sites\\\/4\\\/2020\\\/03\\\/cropped-LOGO_AL.png\",\"contentUrl\":\"https:\\\/\\\/archeolab.app\\\/histoires\\\/wp-content\\\/uploads\\\/sites\\\/4\\\/2020\\\/03\\\/cropped-LOGO_AL.png\",\"width\":512,\"height\":512,\"caption\":\"Arch\u00e9oLab\"},\"image\":{\"@id\":\"https:\\\/\\\/archeolab.app\\\/histoires\\\/#\\\/schema\\\/logo\\\/image\\\/\"},\"sameAs\":[\"https:\\\/\\\/www.facebook.com\\\/archeolabpully\\\/\",\"https:\\\/\\\/www.instagram.com\\\/archeolabpully\\\/\",\"https:\\\/\\\/www.youtube.com\\\/channel\\\/UCUpFtKmSa837az_bM1foKjQ?app=desktop\"]}]}<\/script>\n<!-- \/ Yoast SEO plugin. -->","yoast_head_json":{"title":"C. F. Ramuz - Pully en histoires","robots":{"index":"index","follow":"follow","max-snippet":"max-snippet:-1","max-image-preview":"max-image-preview:large","max-video-preview":"max-video-preview:-1"},"canonical":"https:\/\/archeolab.app\/histoires\/charles-ferdinand-ramuz\/","og_locale":"fr_FR","og_type":"article","og_title":"C. F. Ramuz - Pully en histoires","og_description":"\u00c9crivain, 1878-1947 \u00ab\u00a0Je n\u2019habite Pully que depuis deux ou trois mois ; je parle donc en simple \u00ab\u00a0spectateur\u00a0\u00bb. Je vous dis ce qui m\u2019y a frapp\u00e9 et que c\u2019est, tout &hellip; Continuer la lecture de C. F. Ramuz","og_url":"https:\/\/archeolab.app\/histoires\/charles-ferdinand-ramuz\/","og_site_name":"Pully en histoires","article_publisher":"https:\/\/www.facebook.com\/archeolabpully\/","article_modified_time":"2023-12-07T11:30:35+00:00","og_image":[{"url":"https:\/\/archeolab.app\/histoires\/wp-content\/uploads\/sites\/4\/2020\/05\/La-muette_GERALD-BOSSHARD-A.jpg","type":"","width":"","height":""}],"twitter_card":"summary_large_image","twitter_misc":{"Dur\u00e9e de lecture estim\u00e9e":"5 minutes"},"schema":{"@context":"https:\/\/schema.org","@graph":[{"@type":"WebPage","@id":"https:\/\/archeolab.app\/histoires\/charles-ferdinand-ramuz\/","url":"https:\/\/archeolab.app\/histoires\/charles-ferdinand-ramuz\/","name":"C. F. Ramuz - Pully en histoires","isPartOf":{"@id":"https:\/\/archeolab.app\/histoires\/#website"},"primaryImageOfPage":{"@id":"https:\/\/archeolab.app\/histoires\/charles-ferdinand-ramuz\/#primaryimage"},"image":{"@id":"https:\/\/archeolab.app\/histoires\/charles-ferdinand-ramuz\/#primaryimage"},"thumbnailUrl":"https:\/\/archeolab.app\/histoires\/wp-content\/uploads\/sites\/4\/2020\/05\/La-muette_GERALD-BOSSHARD-A.jpg","datePublished":"2020-05-06T09:17:10+00:00","dateModified":"2023-12-07T11:30:35+00:00","breadcrumb":{"@id":"https:\/\/archeolab.app\/histoires\/charles-ferdinand-ramuz\/#breadcrumb"},"inLanguage":"fr-FR","potentialAction":[{"@type":"ReadAction","target":["https:\/\/archeolab.app\/histoires\/charles-ferdinand-ramuz\/"]}]},{"@type":"ImageObject","inLanguage":"fr-FR","@id":"https:\/\/archeolab.app\/histoires\/charles-ferdinand-ramuz\/#primaryimage","url":"https:\/\/archeolab.app\/histoires\/wp-content\/uploads\/sites\/4\/2020\/05\/La-muette_GERALD-BOSSHARD-A.jpg","contentUrl":"https:\/\/archeolab.app\/histoires\/wp-content\/uploads\/sites\/4\/2020\/05\/La-muette_GERALD-BOSSHARD-A.jpg"},{"@type":"BreadcrumbList","@id":"https:\/\/archeolab.app\/histoires\/charles-ferdinand-ramuz\/#breadcrumb","itemListElement":[{"@type":"ListItem","position":1,"name":"Accueil","item":"https:\/\/archeolab.app\/histoires\/"},{"@type":"ListItem","position":2,"name":"C. F. Ramuz"}]},{"@type":"WebSite","@id":"https:\/\/archeolab.app\/histoires\/#website","url":"https:\/\/archeolab.app\/histoires\/","name":"Pully en histoires","description":"Balade historique dans les rues de Pully","publisher":{"@id":"https:\/\/archeolab.app\/histoires\/#organization"},"potentialAction":[{"@type":"SearchAction","target":{"@type":"EntryPoint","urlTemplate":"https:\/\/archeolab.app\/histoires\/?s={search_term_string}"},"query-input":{"@type":"PropertyValueSpecification","valueRequired":true,"valueName":"search_term_string"}}],"inLanguage":"fr-FR"},{"@type":"Organization","@id":"https:\/\/archeolab.app\/histoires\/#organization","name":"Arch\u00e9oLab","alternateName":"Mus\u00e9es de Pully","url":"https:\/\/archeolab.app\/histoires\/","logo":{"@type":"ImageObject","inLanguage":"fr-FR","@id":"https:\/\/archeolab.app\/histoires\/#\/schema\/logo\/image\/","url":"https:\/\/archeolab.app\/histoires\/wp-content\/uploads\/sites\/4\/2020\/03\/cropped-LOGO_AL.png","contentUrl":"https:\/\/archeolab.app\/histoires\/wp-content\/uploads\/sites\/4\/2020\/03\/cropped-LOGO_AL.png","width":512,"height":512,"caption":"Arch\u00e9oLab"},"image":{"@id":"https:\/\/archeolab.app\/histoires\/#\/schema\/logo\/image\/"},"sameAs":["https:\/\/www.facebook.com\/archeolabpully\/","https:\/\/www.instagram.com\/archeolabpully\/","https:\/\/www.youtube.com\/channel\/UCUpFtKmSa837az_bM1foKjQ?app=desktop"]}]}},"_links":{"self":[{"href":"https:\/\/archeolab.app\/histoires\/wp-json\/wp\/v2\/pages\/237","targetHints":{"allow":["GET"]}}],"collection":[{"href":"https:\/\/archeolab.app\/histoires\/wp-json\/wp\/v2\/pages"}],"about":[{"href":"https:\/\/archeolab.app\/histoires\/wp-json\/wp\/v2\/types\/page"}],"author":[{"embeddable":true,"href":"https:\/\/archeolab.app\/histoires\/wp-json\/wp\/v2\/users\/2"}],"replies":[{"embeddable":true,"href":"https:\/\/archeolab.app\/histoires\/wp-json\/wp\/v2\/comments?post=237"}],"version-history":[{"count":26,"href":"https:\/\/archeolab.app\/histoires\/wp-json\/wp\/v2\/pages\/237\/revisions"}],"predecessor-version":[{"id":1017,"href":"https:\/\/archeolab.app\/histoires\/wp-json\/wp\/v2\/pages\/237\/revisions\/1017"}],"wp:attachment":[{"href":"https:\/\/archeolab.app\/histoires\/wp-json\/wp\/v2\/media?parent=237"}],"curies":[{"name":"wp","href":"https:\/\/api.w.org\/{rel}","templated":true}]}}